{"id":544,"date":"2020-09-10T20:55:51","date_gmt":"2020-09-10T19:55:51","guid":{"rendered":"http:\/\/www.effjott.de\/?page_id=544"},"modified":"2024-01-14T22:05:46","modified_gmt":"2024-01-14T21:05:46","slug":"fotografie","status":"publish","type":"page","link":"https:\/\/www.effjott.de\/?page_id=544","title":{"rendered":"Fotografie"},"content":{"rendered":"\n<p>Lange Jahre besch\u00e4ftige ich mich mit dem Fotografieren.  Schwerpunktm\u00e4\u00dfig fotografiere ich Landschaften, St\u00e4dte, Lichtstimmungen, Pflanzen, <br>Hin und wieder auch Tiere, Portraits.<\/p>\n\n\n\n<p>Da ein Teil meines Gesch\u00e4fts seit geraumer Zeit leider unbenutzt ist, habe ich dort eine kleine Fotogalerie, mit \u00fcberwiegend Darmst\u00e4dter Motiven, eingerichtet. Wenn Du interessiert bist, k\u00f6nnt Ihr gerne w\u00e4hrend meiner Gesch\u00e4ftszeiten hereinkommen und einen Blick riskieren. <\/p>\n\n\n\n<p>Falls Euch eines meiner Fotos besonders gut gef\u00e4llt, lasst es mich gerne wissen. Ich freue mich sehr dar\u00fcber. <br>Falls Ihr ein Foto k\u00e4uflich erwerben m\u00f6chtet, schreibt mich gerne an. <a href=\"mailto:frank@jaehrling.de\">e-Mail<\/a><br>DinA4-Foto ab 5,-\u20ac \/ 10,-\u20ac eingerahmt. Leinwand 80*60cm ab 59,-\u20ac<br><br>Eine kleine Auswahl meiner Fotos findet Ihr hier und unter folgenden Links:<br><a rel=\"noreferrer noopener\" href=\"https:\/\/www.flickr.com\/photos\/heinertowner\/\" target=\"_blank\">Flickr<\/a>, <a href=\"https:\/\/instagram.com\/lilienfreund\">Instagram<\/a> oder <a rel=\"noreferrer noopener\" href=\"https:\/\/www.fotocommunity.de\/user_photos\/2044321\" target=\"_blank\">fotocommunity<\/a><\/p>\n\n\n\n<p><strong>Aktuelle Ausstattung<\/strong>:<br><strong>Kameras:<\/strong><br>Nikon D3300<br>Nikon D5300 <br>Objektive: <br>Festbrennweiten: Nikkor 50mm 1.8; Nikkor 35mm 1.8; Sigma 105mm 2.8; <br>Tamron 70-300; <br>Tamron 17-50 2.8<br>Tokina 11-16 2.8 <\/p>\n\n\n\n<p>Bildbearbeitung: Photoshop, Lightroom; Luminar AI<\/p>\n","protected":false},"excerpt":{"rendered":"<p>Lange Jahre besch\u00e4ftige ich mich mit dem Fotografieren. Schwerpunktm\u00e4\u00dfig fotografiere ich Landschaften, St\u00e4dte, Lichtstimmungen, Pflanzen, Hin und wieder auch Tiere, Portraits. Da ein Teil meines Gesch\u00e4fts seit geraumer Zeit leider unbenutzt ist, habe ich dort eine kleine Fotogalerie, mit \u00fcberwiegend Darmst\u00e4dter Motiven, eingerichtet. Wenn Du interessiert bist, k\u00f6nnt Ihr gerne w\u00e4hrend meiner Gesch\u00e4ftszeiten hereinkommen und &hellip; <a href=\"https:\/\/www.effjott.de\/?page_id=544\" class=\"more-link\"><span class=\"screen-reader-text\">Fotografie<\/span> weiterlesen<\/a><\/p>\n","protected":false},"author":1,"featured_media":0,"parent":0,"menu_order":0,"comment_status":"closed","ping_status":"closed","template":"","meta":{"footnotes":""},"class_list":["post-544","page","type-page","status-publish","hentry"],"_links":{"self":[{"href":"https:\/\/www.effjott.de\/index.php?rest_route=\/wp\/v2\/pages\/544","targetHints":{"allow":["GET"]}}],"collection":[{"href":"https:\/\/www.effjott.de\/index.php?rest_route=\/wp\/v2\/pages"}],"about":[{"href":"https:\/\/www.effjott.de\/index.php?rest_route=\/wp\/v2\/types\/page"}],"author":[{"embeddable":true,"href":"https:\/\/www.effjott.de\/index.php?rest_route=\/wp\/v2\/users\/1"}],"replies":[{"embeddable":true,"href":"https:\/\/www.effjott.de\/index.php?rest_route=%2Fwp%2Fv2%2Fcomments&post=544"}],"version-history":[{"count":5,"href":"https:\/\/www.effjott.de\/index.php?rest_route=\/wp\/v2\/pages\/544\/revisions"}],"predecessor-version":[{"id":1150,"href":"https:\/\/www.effjott.de\/index.php?rest_route=\/wp\/v2\/pages\/544\/revisions\/1150"}],"wp:attachment":[{"href":"https:\/\/www.effjott.de\/index.php?rest_route=%2Fwp%2Fv2%2Fmedia&parent=544"}],"curies":[{"name":"wp","href":"https:\/\/api.w.org\/{rel}","templated":true}]}}