{"id":1537,"date":"2026-06-06T15:20:43","date_gmt":"2026-06-06T14:20:43","guid":{"rendered":"https:\/\/www.effjott.de\/?page_id=1537"},"modified":"2026-08-17T21:26:33","modified_gmt":"2026-08-17T20:26:33","slug":"darmstaedter-sichtweisen","status":"publish","type":"page","link":"https:\/\/www.effjott.de\/?page_id=1537","title":{"rendered":"Darmst\u00e4dter Sichtweisen"},"content":{"rendered":"\n<p class=\"wp-block-paragraph\">Fotoausstellung \u201eDarmst\u00e4dter Sichtweisen\u201c<br>Gerne m\u00f6chte ich mich bei allen Besuchern meiner Fotoausstellung in der Stadtkirche Darmstadt herzlich bedanken, f\u00fcr dir Zeit, die ihr euch f\u00fcr meine Fotos genommen habt, f\u00fcr die lieben Kommentare, den Zuspruch, und G\u00e4stebucheintr\u00e4gen. Das hat mich sehr gefreut. <\/p>\n\n\n\n<p class=\"wp-block-paragraph\">Meine <strong>Fotoausstellung<\/strong> kehrt zur\u00fcck in mein Gesch\u00e4ft. <br>Friseur J\u00e4hrling<br>Moldenhauerweg 1<br>64293 Darmstadt (Waldkolonie)<br>Gerne kannst du meine Fotoausstellung kostenlos besuchen.<br>Di. &#8211; Fr. 8.00 &#8211; 11.30 Uhr und 13:00 &#8211; 17:30 Uhr <br>Sa. 7.30 &#8211; 12.00 Uhr<br>Falls du keine Zeit hast die Ausstellung zu besuchen, kommst du \u00fcber folgenden Link zur virtuellen Ausstellung. <strong><a href=\"https:\/\/www.effjott.de\/?page_id=1537\">Darmst\u00e4dter Sichtweisen<\/a><\/strong><\/p>\n\n\n\n<p class=\"wp-block-paragraph\"><a href=\"mailto:frank@jaehrling.de\"><strong>E-Mail Kontakt<\/strong><\/a><\/p>\n\n\n\n<div class=\"wp-block-media-text is-stacked-on-mobile\"><figure class=\"wp-block-media-text__media\"><img loading=\"lazy\" decoding=\"async\" width=\"400\" height=\"400\" src=\"https:\/\/www.effjott.de\/wp-content\/uploads\/2026\/07\/fotobuch.png\" alt=\"\" class=\"wp-image-1624 size-full\" srcset=\"https:\/\/www.effjott.de\/wp-content\/uploads\/2026\/07\/fotobuch.png 400w, https:\/\/www.effjott.de\/wp-content\/uploads\/2026\/07\/fotobuch-300x300.png 300w, https:\/\/www.effjott.de\/wp-content\/uploads\/2026\/07\/fotobuch-150x150.png 150w\" sizes=\"auto, (max-width: 400px) 100vw, 400px\" \/><\/figure><div class=\"wp-block-media-text__content\">\n<p class=\"wp-block-paragraph\">In K\u00fcrze ist ein Fotobuch zur Ausstellung &#8222;Darmst\u00e4dter Sichteisen&#8220; erh\u00e4ltlich<br>DinA4 Hardcover 36 Seiten, 25,-\u20ac <br><\/p>\n<\/div><\/div>\n\n\n\n<p class=\"wp-block-paragraph\"><br><br><\/p>\n\n\n\n<p class=\"wp-block-paragraph\"><\/p>\n\n\n\n<p class=\"wp-block-paragraph\"><br><br>Hier der Katalog mit den teilnehmenden Bildern.<\/p>\n\n\n\n<div class=\"wp-block-media-text is-stacked-on-mobile\"><figure class=\"wp-block-media-text__media\"><img loading=\"lazy\" decoding=\"async\" width=\"768\" height=\"1024\" src=\"https:\/\/www.effjott.de\/wp-content\/uploads\/2026\/06\/schulstrasse-768x1024.jpg\" alt=\"\" class=\"wp-image-1576 size-full\" srcset=\"https:\/\/www.effjott.de\/wp-content\/uploads\/2026\/06\/schulstrasse-768x1023.jpg 768w, https:\/\/www.effjott.de\/wp-content\/uploads\/2026\/06\/schulstrasse-225x300.jpg 225w, https:\/\/www.effjott.de\/wp-content\/uploads\/2026\/06\/schulstrasse.jpg 821w\" sizes=\"auto, (max-width: 768px) 100vw, 768px\" \/><\/figure><div class=\"wp-block-media-text__content\">\n<p class=\"wp-block-paragraph\">Turm der Stadtkirche, vom \u00dcbergang der Schulstra\u00dfe fotografiert.<br>Aufnahmedatum: 06.09.2020<br>90*60 cm<br><br>Ein Foto, dass bei einer fr\u00fch morgendlichen Stadttour entstanden ist. Die City war fast frei von Menschen und der Kirchturm h\u00fcbsch von der Sonne angestrahlt. Der Vordergrund tut sein \u00fcbriges.<br>49\u00b052&#8217;14.9&#8243;N 8\u00b039&#8217;22.2&#8243;E<\/p>\n<\/div><\/div>\n\n\n\n<div class=\"wp-block-media-text has-media-on-the-right is-stacked-on-mobile\"><div class=\"wp-block-media-text__content\">\n<p class=\"wp-block-paragraph\">Der Hauptbahnhof im Sonnenuntergang.<br>Aufnahmedatum 13.04.2024<br>60*90cm<br>Im Hauptbahnhof brennt Licht und der Himmel war sch\u00f6n farbig. Nat\u00fcrliches und k\u00fcnstliches Licht trifft aufeinander.<br>49\u00b052&#8217;21.6&#8243;N 8\u00b037&#8217;57.0&#8243;E<br>Das Bild ist reserviert.<br><\/p>\n<\/div><figure class=\"wp-block-media-text__media\"><img loading=\"lazy\" decoding=\"async\" width=\"1024\" height=\"633\" src=\"https:\/\/www.effjott.de\/wp-content\/uploads\/2026\/06\/hauptbahnhof-1024x633.jpg\" alt=\"\" class=\"wp-image-1577 size-full\" srcset=\"https:\/\/www.effjott.de\/wp-content\/uploads\/2026\/06\/hauptbahnhof-1024x633.jpg 1024w, https:\/\/www.effjott.de\/wp-content\/uploads\/2026\/06\/hauptbahnhof-300x185.jpg 300w, https:\/\/www.effjott.de\/wp-content\/uploads\/2026\/06\/hauptbahnhof-768x475.jpg 768w, https:\/\/www.effjott.de\/wp-content\/uploads\/2026\/06\/hauptbahnhof-1536x949.jpg 1536w, https:\/\/www.effjott.de\/wp-content\/uploads\/2026\/06\/hauptbahnhof-825x510.jpg 825w, https:\/\/www.effjott.de\/wp-content\/uploads\/2026\/06\/hauptbahnhof.jpg 2000w\" sizes=\"auto, (max-width: 1024px) 100vw, 1024px\" \/><\/figure><\/div>\n\n\n\n<div class=\"wp-block-media-text is-stacked-on-mobile\"><figure class=\"wp-block-media-text__media\"><img loading=\"lazy\" decoding=\"async\" width=\"725\" height=\"1024\" src=\"https:\/\/www.effjott.de\/wp-content\/uploads\/2026\/06\/russischekapelle-1-725x1024.jpg\" alt=\"\" class=\"wp-image-1578 size-full\" srcset=\"https:\/\/www.effjott.de\/wp-content\/uploads\/2026\/06\/russischekapelle-1-725x1024.jpg 725w, https:\/\/www.effjott.de\/wp-content\/uploads\/2026\/06\/russischekapelle-1-212x300.jpg 212w, https:\/\/www.effjott.de\/wp-content\/uploads\/2026\/06\/russischekapelle-1-768x1085.jpg 768w, https:\/\/www.effjott.de\/wp-content\/uploads\/2026\/06\/russischekapelle-1-1087x1536.jpg 1087w, https:\/\/www.effjott.de\/wp-content\/uploads\/2026\/06\/russischekapelle-1.jpg 1138w\" sizes=\"auto, (max-width: 725px) 100vw, 725px\" \/><\/figure><div class=\"wp-block-media-text__content\">\n<p class=\"wp-block-paragraph\">Die Russische Kapelle an der Mathildenh\u00f6he.<br>Aufnahmedatum 07.05.2023<br>90*60 cm<br>Das Lilienbecken (Albin M\u00fcller Becken) war sch\u00f6n sauber, der Himmel fast klar, die Spiegelung tat ihr \u00fcbriges. <br>49\u00b052&#8217;34.8&#8243;N 8\u00b039&#8217;59.2&#8243;E<\/p>\n<\/div><\/div>\n\n\n\n<div class=\"wp-block-media-text has-media-on-the-right is-stacked-on-mobile\"><div class=\"wp-block-media-text__content\">\n<p class=\"wp-block-paragraph\">Kinopolis Darmstadt<br>Aufnahmedatum 23.01.2022<br>60*90 cm<br>Eine Mischung aus Glas und Beton mit wechselnden Lichteffekten.<\/p>\n\n\n\n<p class=\"wp-block-paragraph\">49\u00b052&#8217;21.6&#8243;N 8\u00b037&#8217;57.0&#8243;E<\/p>\n<\/div><figure class=\"wp-block-media-text__media\"><img loading=\"lazy\" decoding=\"async\" width=\"1024\" height=\"707\" src=\"https:\/\/www.effjott.de\/wp-content\/uploads\/2026\/06\/kino-1024x707.jpg\" alt=\"\" class=\"wp-image-1579 size-full\" srcset=\"https:\/\/www.effjott.de\/wp-content\/uploads\/2026\/06\/kino-1024x707.jpg 1024w, https:\/\/www.effjott.de\/wp-content\/uploads\/2026\/06\/kino-300x207.jpg 300w, https:\/\/www.effjott.de\/wp-content\/uploads\/2026\/06\/kino-768x530.jpg 768w, https:\/\/www.effjott.de\/wp-content\/uploads\/2026\/06\/kino-1536x1061.jpg 1536w, https:\/\/www.effjott.de\/wp-content\/uploads\/2026\/06\/kino.jpg 1649w\" sizes=\"auto, (max-width: 1024px) 100vw, 1024px\" \/><\/figure><\/div>\n\n\n\n<div class=\"wp-block-media-text is-stacked-on-mobile\"><figure class=\"wp-block-media-text__media\"><img loading=\"lazy\" decoding=\"async\" width=\"748\" height=\"1024\" src=\"https:\/\/www.effjott.de\/wp-content\/uploads\/2026\/06\/weisserturmfix_upscale-748x1024.jpg\" alt=\"\" class=\"wp-image-1580 size-full\" srcset=\"https:\/\/www.effjott.de\/wp-content\/uploads\/2026\/06\/weisserturmfix_upscale-748x1024.jpg 748w, https:\/\/www.effjott.de\/wp-content\/uploads\/2026\/06\/weisserturmfix_upscale-219x300.jpg 219w, https:\/\/www.effjott.de\/wp-content\/uploads\/2026\/06\/weisserturmfix_upscale-768x1051.jpg 768w, https:\/\/www.effjott.de\/wp-content\/uploads\/2026\/06\/weisserturmfix_upscale-1122x1536.jpg 1122w, https:\/\/www.effjott.de\/wp-content\/uploads\/2026\/06\/weisserturmfix_upscale-1496x2048.jpg 1496w, https:\/\/www.effjott.de\/wp-content\/uploads\/2026\/06\/weisserturmfix_upscale-scaled.jpg 1870w\" sizes=\"auto, (max-width: 748px) 100vw, 748px\" \/><\/figure><div class=\"wp-block-media-text__content\">\n<p class=\"wp-block-paragraph\">Der &#8222;Wei\u00dfe Turm&#8220;<br>Ober(feld)-Drama am Himmel.<br>Aufnahmedatum: 10.04.2022<br>90*60 cm<br>49\u00b052&#8217;20.8&#8243;N 8\u00b039&#8217;13.5&#8243;E<\/p>\n<\/div><\/div>\n\n\n\n<div class=\"wp-block-media-text has-media-on-the-right is-stacked-on-mobile\"><div class=\"wp-block-media-text__content\">\n<p class=\"wp-block-paragraph\">Wasserturm, Dornheimer Weg &#8211; Br\u00fccke in der Abendd\u00e4mmerung. Gleis 8<br>Aufnahmedatum:25.04.2024<br>75*100 cm<\/p>\n\n\n\n<p class=\"wp-block-paragraph\">49\u00b052&#8217;29.5&#8243;N 8\u00b037&#8217;43.5&#8243;E<\/p>\n<\/div><figure class=\"wp-block-media-text__media\"><img loading=\"lazy\" decoding=\"async\" width=\"1024\" height=\"590\" src=\"https:\/\/www.effjott.de\/wp-content\/uploads\/2026\/06\/hbf-1-1024x590.jpg\" alt=\"\" class=\"wp-image-1581 size-full\" srcset=\"https:\/\/www.effjott.de\/wp-content\/uploads\/2026\/06\/hbf-1-1024x590.jpg 1024w, https:\/\/www.effjott.de\/wp-content\/uploads\/2026\/06\/hbf-1-300x173.jpg 300w, https:\/\/www.effjott.de\/wp-content\/uploads\/2026\/06\/hbf-1-768x443.jpg 768w, https:\/\/www.effjott.de\/wp-content\/uploads\/2026\/06\/hbf-1-1536x885.jpg 1536w, https:\/\/www.effjott.de\/wp-content\/uploads\/2026\/06\/hbf-1.jpg 1756w\" sizes=\"auto, (max-width: 1024px) 100vw, 1024px\" \/><\/figure><\/div>\n\n\n\n<div class=\"wp-block-media-text is-stacked-on-mobile\"><figure class=\"wp-block-media-text__media\"><img loading=\"lazy\" decoding=\"async\" width=\"667\" height=\"1024\" src=\"https:\/\/www.effjott.de\/wp-content\/uploads\/2026\/06\/09schlosshof-667x1024.jpg\" alt=\"\" class=\"wp-image-1582 size-full\" srcset=\"https:\/\/www.effjott.de\/wp-content\/uploads\/2026\/06\/09schlosshof-667x1024.jpg 667w, https:\/\/www.effjott.de\/wp-content\/uploads\/2026\/06\/09schlosshof-195x300.jpg 195w, https:\/\/www.effjott.de\/wp-content\/uploads\/2026\/06\/09schlosshof-768x1179.jpg 768w, https:\/\/www.effjott.de\/wp-content\/uploads\/2026\/06\/09schlosshof.jpg 955w\" sizes=\"auto, (max-width: 667px) 100vw, 667px\" \/><\/figure><div class=\"wp-block-media-text__content\">\n<p class=\"wp-block-paragraph\">Der Glockenturm des Schlossmuseums. Wem da kein Licht aufgeht!?<\/p>\n\n\n\n<p class=\"wp-block-paragraph\">Aufnahmedatum: 21.04.2024<br>90*60 cm<br><br>49\u00b052&#8217;24.1&#8243;N 8\u00b039&#8217;18.8&#8243;E<\/p>\n<\/div><\/div>\n\n\n\n<div class=\"wp-block-media-text has-media-on-the-right is-stacked-on-mobile\"><div class=\"wp-block-media-text__content\">\n<p class=\"wp-block-paragraph\">Die Stadtkirche im Vordergrund, viele weitere Sehensw\u00fcrdigkeiten im Hintergrund. <br>Aufnahmedatum: 22.01.2023<br>75*100 cm<br>Das Foto entstand vom ehem.&#8220;Quelle&#8220;Parkhaus, heute Q-Park Zentrum. Die Schwierigkeit war eine freie Sicht zu bekommen, ohne Gitter.<br>49\u00b052&#8217;10.4&#8243;N 8\u00b039&#8217;11.4&#8243;E<\/p>\n<\/div><figure class=\"wp-block-media-text__media\"><img loading=\"lazy\" decoding=\"async\" width=\"973\" height=\"515\" src=\"https:\/\/www.effjott.de\/wp-content\/uploads\/2026\/06\/stadtkirche-1.jpg\" alt=\"\" class=\"wp-image-1584 size-full\" srcset=\"https:\/\/www.effjott.de\/wp-content\/uploads\/2026\/06\/stadtkirche-1.jpg 973w, https:\/\/www.effjott.de\/wp-content\/uploads\/2026\/06\/stadtkirche-1-300x159.jpg 300w, https:\/\/www.effjott.de\/wp-content\/uploads\/2026\/06\/stadtkirche-1-768x406.jpg 768w\" sizes=\"auto, (max-width: 973px) 100vw, 973px\" \/><\/figure><\/div>\n\n\n\n<div class=\"wp-block-media-text is-stacked-on-mobile\"><figure class=\"wp-block-media-text__media\"><img loading=\"lazy\" decoding=\"async\" width=\"819\" height=\"1024\" src=\"https:\/\/www.effjott.de\/wp-content\/uploads\/2026\/06\/heinerfest-1-819x1024.jpg\" alt=\"\" class=\"wp-image-1585 size-full\" srcset=\"https:\/\/www.effjott.de\/wp-content\/uploads\/2026\/06\/heinerfest-1-819x1024.jpg 819w, https:\/\/www.effjott.de\/wp-content\/uploads\/2026\/06\/heinerfest-1-240x300.jpg 240w, https:\/\/www.effjott.de\/wp-content\/uploads\/2026\/06\/heinerfest-1-768x960.jpg 768w, https:\/\/www.effjott.de\/wp-content\/uploads\/2026\/06\/heinerfest-1.jpg 900w\" sizes=\"auto, (max-width: 819px) 100vw, 819px\" \/><\/figure><div class=\"wp-block-media-text__content\">\n<p class=\"wp-block-paragraph\">Heinerfest, Blick vom Schloss auf das Riesenrad am Marktplatz.<br>Aufnahmedatum: 03.07.2023<br>90*60 cm<\/p>\n\n\n\n<p class=\"wp-block-paragraph\">49\u00b052&#8217;23.4&#8243;N 8\u00b039&#8217;18.5&#8243;E<\/p>\n<\/div><\/div>\n\n\n\n<div class=\"wp-block-media-text has-media-on-the-right is-stacked-on-mobile\"><div class=\"wp-block-media-text__content\">\n<p class=\"wp-block-paragraph\">Das Jazzinstitut in Bessungen, aufgenommen in einer sch\u00f6nen Abendstimmung.<br>Aufnahmedatum: 08.04.2020<br>60*90 cm <\/p>\n\n\n\n<p class=\"wp-block-paragraph\">49\u00b051&#8217;28.5&#8243;N 8\u00b038&#8217;54.5&#8243;E<\/p>\n<\/div><figure class=\"wp-block-media-text__media\"><img loading=\"lazy\" decoding=\"async\" width=\"1024\" height=\"683\" src=\"https:\/\/www.effjott.de\/wp-content\/uploads\/2026\/06\/jazzinstitut-1-1024x683.jpg\" alt=\"\" class=\"wp-image-1586 size-full\" srcset=\"https:\/\/www.effjott.de\/wp-content\/uploads\/2026\/06\/jazzinstitut-1-1024x683.jpg 1024w, https:\/\/www.effjott.de\/wp-content\/uploads\/2026\/06\/jazzinstitut-1-300x200.jpg 300w, https:\/\/www.effjott.de\/wp-content\/uploads\/2026\/06\/jazzinstitut-1-768x512.jpg 768w, https:\/\/www.effjott.de\/wp-content\/uploads\/2026\/06\/jazzinstitut-1-1536x1024.jpg 1536w, https:\/\/www.effjott.de\/wp-content\/uploads\/2026\/06\/jazzinstitut-1.jpg 1678w\" sizes=\"auto, (max-width: 1024px) 100vw, 1024px\" \/><\/figure><\/div>\n\n\n\n<div class=\"wp-block-media-text is-stacked-on-mobile\"><figure class=\"wp-block-media-text__media\"><img loading=\"lazy\" decoding=\"async\" width=\"683\" height=\"1024\" src=\"https:\/\/www.effjott.de\/wp-content\/uploads\/2026\/06\/wasserturm-1-683x1024.jpg\" alt=\"\" class=\"wp-image-1587 size-full\" srcset=\"https:\/\/www.effjott.de\/wp-content\/uploads\/2026\/06\/wasserturm-1-683x1024.jpg 683w, https:\/\/www.effjott.de\/wp-content\/uploads\/2026\/06\/wasserturm-1-200x300.jpg 200w, https:\/\/www.effjott.de\/wp-content\/uploads\/2026\/06\/wasserturm-1-768x1152.jpg 768w, https:\/\/www.effjott.de\/wp-content\/uploads\/2026\/06\/wasserturm-1-1024x1536.jpg 1024w, https:\/\/www.effjott.de\/wp-content\/uploads\/2026\/06\/wasserturm-1.jpg 1108w\" sizes=\"auto, (max-width: 683px) 100vw, 683px\" \/><\/figure><div class=\"wp-block-media-text__content\">\n<p class=\"wp-block-paragraph\">Der Wasserturm am Hauptbahnhof. Die Spiegelung auf dem Gel\u00e4nder entstand nach einem Regenschauer. Auf diesem Foto ist noch eine kleine Kuriosit\u00e4t versteckt. Schon gefunden?<br>Aufnahmedatum: 08.01.2023<br>80*60 cm<\/p>\n\n\n\n<p class=\"wp-block-paragraph\">49\u00b052&#8217;30.8&#8243;N 8\u00b037&#8217;44.7&#8243;E<\/p>\n<\/div><\/div>\n\n\n\n<div class=\"wp-block-media-text has-media-on-the-right is-stacked-on-mobile\"><div class=\"wp-block-media-text__content\">\n<p class=\"wp-block-paragraph\">Die Mathildenh\u00f6he<br>Aufgenommen mit einem Ultra-Weitwinkel-Objektiv.<\/p>\n\n\n\n<p class=\"wp-block-paragraph\">Aufnahmedatum: 20.07.2025<br>60*90 cm<br>49\u00b052&#8217;34.3&#8243;N 8\u00b040&#8217;00.3&#8243;E<\/p>\n<\/div><figure class=\"wp-block-media-text__media\"><img loading=\"lazy\" decoding=\"async\" width=\"966\" height=\"644\" src=\"https:\/\/www.effjott.de\/wp-content\/uploads\/2026\/06\/mathildenhoehe-3-1.jpg\" alt=\"\" class=\"wp-image-1588 size-full\" srcset=\"https:\/\/www.effjott.de\/wp-content\/uploads\/2026\/06\/mathildenhoehe-3-1.jpg 966w, https:\/\/www.effjott.de\/wp-content\/uploads\/2026\/06\/mathildenhoehe-3-1-300x200.jpg 300w, https:\/\/www.effjott.de\/wp-content\/uploads\/2026\/06\/mathildenhoehe-3-1-768x512.jpg 768w\" sizes=\"auto, (max-width: 966px) 100vw, 966px\" \/><\/figure><\/div>\n\n\n\n<div class=\"wp-block-media-text is-stacked-on-mobile\"><figure class=\"wp-block-media-text__media\"><img loading=\"lazy\" decoding=\"async\" width=\"683\" height=\"1024\" src=\"https:\/\/www.effjott.de\/wp-content\/uploads\/2026\/06\/dacapo5-1-683x1024.jpg\" alt=\"\" class=\"wp-image-1589 size-full\" srcset=\"https:\/\/www.effjott.de\/wp-content\/uploads\/2026\/06\/dacapo5-1-683x1024.jpg 683w, https:\/\/www.effjott.de\/wp-content\/uploads\/2026\/06\/dacapo5-1-200x300.jpg 200w, https:\/\/www.effjott.de\/wp-content\/uploads\/2026\/06\/dacapo5-1-768x1152.jpg 768w, https:\/\/www.effjott.de\/wp-content\/uploads\/2026\/06\/dacapo5-1-1024x1536.jpg 1024w, https:\/\/www.effjott.de\/wp-content\/uploads\/2026\/06\/dacapo5-1.jpg 1200w\" sizes=\"auto, (max-width: 683px) 100vw, 683px\" \/><\/figure><div class=\"wp-block-media-text__content\">\n<p class=\"wp-block-paragraph\">Das Variet\u00e9 Da Capo, ein herbstlicher Abend am Karolinenplatz. Aufnahme vom Nordeingang des Schloss.<br>Aufnahmedatum: 10.12.2023<br>90*60 cm<br>49\u00b052&#8217;28.1&#8243;N 8\u00b039&#8217;18.5&#8243;E<\/p>\n<\/div><\/div>\n\n\n\n<div class=\"wp-block-media-text has-media-on-the-right is-stacked-on-mobile\"><div class=\"wp-block-media-text__content\">\n<p class=\"wp-block-paragraph\">Heinerfest Finale 2024<br>Das Feuerwerk als Langzeitbelichtung von einer Dachterrasse der Kinderklinik<br>Aufnahmedatum: 08.07.2024<br>60*90 cm<br>49\u00b052&#8217;36.4&#8243;N 8\u00b039&#8217;49.3&#8243;E<\/p>\n<\/div><figure class=\"wp-block-media-text__media\"><img loading=\"lazy\" decoding=\"async\" width=\"1024\" height=\"683\" src=\"https:\/\/www.effjott.de\/wp-content\/uploads\/2026\/06\/heinerfestfinale24-1-1024x683.jpg\" alt=\"\" class=\"wp-image-1590 size-full\" srcset=\"https:\/\/www.effjott.de\/wp-content\/uploads\/2026\/06\/heinerfestfinale24-1-1024x683.jpg 1024w, https:\/\/www.effjott.de\/wp-content\/uploads\/2026\/06\/heinerfestfinale24-1-300x200.jpg 300w, https:\/\/www.effjott.de\/wp-content\/uploads\/2026\/06\/heinerfestfinale24-1-768x512.jpg 768w, https:\/\/www.effjott.de\/wp-content\/uploads\/2026\/06\/heinerfestfinale24-1-1536x1024.jpg 1536w, https:\/\/www.effjott.de\/wp-content\/uploads\/2026\/06\/heinerfestfinale24-1.jpg 1800w\" sizes=\"auto, (max-width: 1024px) 100vw, 1024px\" \/><\/figure><\/div>\n\n\n\n<div class=\"wp-block-media-text is-stacked-on-mobile\"><figure class=\"wp-block-media-text__media\"><img loading=\"lazy\" decoding=\"async\" width=\"689\" height=\"1024\" src=\"https:\/\/www.effjott.de\/wp-content\/uploads\/2026\/06\/zehneramwoog-1-689x1024.jpg\" alt=\"\" class=\"wp-image-1591 size-full\" srcset=\"https:\/\/www.effjott.de\/wp-content\/uploads\/2026\/06\/zehneramwoog-1-689x1024.jpg 689w, https:\/\/www.effjott.de\/wp-content\/uploads\/2026\/06\/zehneramwoog-1-202x300.jpg 202w, https:\/\/www.effjott.de\/wp-content\/uploads\/2026\/06\/zehneramwoog-1-768x1141.jpg 768w, https:\/\/www.effjott.de\/wp-content\/uploads\/2026\/06\/zehneramwoog-1.jpg 1007w\" sizes=\"auto, (max-width: 689px) 100vw, 689px\" \/><\/figure><div class=\"wp-block-media-text__content\">\n<p class=\"wp-block-paragraph\">Der Sprungturm Im Familienbad am Woog. <br>Blaulicht-Feeling am Heiner-Meer.<br><br>Aufnahmedatum: 19.01.2025<br>90*60 cm<br>49\u00b052&#8217;19.7&#8243;N 8\u00b040&#8217;04.7&#8243;E<\/p>\n<\/div><\/div>\n\n\n\n<div class=\"wp-block-media-text has-media-on-the-right is-stacked-on-mobile\"><div class=\"wp-block-media-text__content\">\n<p class=\"wp-block-paragraph\">Das alte Rathaus, heute Standesamt und Ratskeller Brauerei.<br><br>Aufnahmedatum: 21.01.2018<br>75*100 cm<br>49\u00b052&#8217;20.2&#8243;N 8\u00b039&#8217;20.5&#8243;E<\/p>\n<\/div><figure class=\"wp-block-media-text__media\"><img loading=\"lazy\" decoding=\"async\" width=\"1024\" height=\"654\" src=\"https:\/\/www.effjott.de\/wp-content\/uploads\/2026\/06\/ratskeller-1-1024x654.jpg\" alt=\"\" class=\"wp-image-1592 size-full\" srcset=\"https:\/\/www.effjott.de\/wp-content\/uploads\/2026\/06\/ratskeller-1-1024x654.jpg 1024w, https:\/\/www.effjott.de\/wp-content\/uploads\/2026\/06\/ratskeller-1-300x191.jpg 300w, https:\/\/www.effjott.de\/wp-content\/uploads\/2026\/06\/ratskeller-1-768x490.jpg 768w, https:\/\/www.effjott.de\/wp-content\/uploads\/2026\/06\/ratskeller-1.jpg 1269w\" sizes=\"auto, (max-width: 1024px) 100vw, 1024px\" \/><\/figure><\/div>\n\n\n\n<div class=\"wp-block-media-text is-stacked-on-mobile\"><figure class=\"wp-block-media-text__media\"><img loading=\"lazy\" decoding=\"async\" width=\"664\" height=\"1024\" src=\"https:\/\/www.effjott.de\/wp-content\/uploads\/2026\/06\/chaos-1-664x1024.jpg\" alt=\"\" class=\"wp-image-1593 size-full\" srcset=\"https:\/\/www.effjott.de\/wp-content\/uploads\/2026\/06\/chaos-1-664x1024.jpg 664w, https:\/\/www.effjott.de\/wp-content\/uploads\/2026\/06\/chaos-1-195x300.jpg 195w, https:\/\/www.effjott.de\/wp-content\/uploads\/2026\/06\/chaos-1-768x1184.jpg 768w, https:\/\/www.effjott.de\/wp-content\/uploads\/2026\/06\/chaos-1-996x1536.jpg 996w, https:\/\/www.effjott.de\/wp-content\/uploads\/2026\/06\/chaos-1.jpg 1009w\" sizes=\"auto, (max-width: 664px) 100vw, 664px\" \/><\/figure><div class=\"wp-block-media-text__content\">\n<p class=\"wp-block-paragraph\">Chaotische Zeiten!<br>Das Caf\u00e9 Chaos. Fr\u00fchst\u00fcck bis 24 Uhr und Automatenmuseum.<\/p>\n\n\n\n<p class=\"wp-block-paragraph\">Aufnahmedatum: 04.02.2021 <br>13:12 Uhr<br>90*60 cm<\/p>\n\n\n\n<p class=\"wp-block-paragraph\">49\u00b052&#8217;20.5&#8243;N 8\u00b039&#8217;39.8&#8243;E<\/p>\n<\/div><\/div>\n\n\n\n<div class=\"wp-block-media-text has-media-on-the-right is-stacked-on-mobile\"><div class=\"wp-block-media-text__content\">\n<p class=\"wp-block-paragraph\">Das alte Theater.<br>Der Mollerbau, heute Staatsarchiv und Haus der Geschichte am Karolinenplatz.<br>Aufnahmedatum: 26.07.2020<br>60*90 cm<br>49\u00b052&#8217;28.1&#8243;N 8\u00b039&#8217;18.5&#8243;E<\/p>\n<\/div><figure class=\"wp-block-media-text__media\"><img loading=\"lazy\" decoding=\"async\" width=\"1024\" height=\"683\" src=\"https:\/\/www.effjott.de\/wp-content\/uploads\/2026\/06\/mollerbau-1-1024x683.jpg\" alt=\"\" class=\"wp-image-1594 size-full\" srcset=\"https:\/\/www.effjott.de\/wp-content\/uploads\/2026\/06\/mollerbau-1-1024x683.jpg 1024w, https:\/\/www.effjott.de\/wp-content\/uploads\/2026\/06\/mollerbau-1-300x200.jpg 300w, https:\/\/www.effjott.de\/wp-content\/uploads\/2026\/06\/mollerbau-1-768x512.jpg 768w, https:\/\/www.effjott.de\/wp-content\/uploads\/2026\/06\/mollerbau-1-1536x1024.jpg 1536w, https:\/\/www.effjott.de\/wp-content\/uploads\/2026\/06\/mollerbau-1.jpg 1800w\" sizes=\"auto, (max-width: 1024px) 100vw, 1024px\" \/><\/figure><\/div>\n","protected":false},"excerpt":{"rendered":"<p>Fotoausstellung \u201eDarmst\u00e4dter Sichtweisen\u201cGerne m\u00f6chte ich mich bei allen Besuchern meiner Fotoausstellung in der Stadtkirche Darmstadt herzlich bedanken, f\u00fcr dir Zeit, die ihr euch f\u00fcr meine Fotos genommen habt, f\u00fcr die lieben Kommentare, den Zuspruch, und G\u00e4stebucheintr\u00e4gen. Das hat mich sehr gefreut. Meine Fotoausstellung kehrt zur\u00fcck in mein Gesch\u00e4ft. Friseur J\u00e4hrlingMoldenhauerweg 164293 Darmstadt (Waldkolonie)Gerne kannst du &hellip; <a href=\"https:\/\/www.effjott.de\/?page_id=1537\" class=\"more-link\"><span class=\"screen-reader-text\">Darmst\u00e4dter Sichtweisen<\/span> weiterlesen<\/a><\/p>\n","protected":false},"author":1,"featured_media":0,"parent":0,"menu_order":0,"comment_status":"closed","ping_status":"closed","template":"","meta":{"footnotes":""},"class_list":["post-1537","page","type-page","status-publish","hentry"],"_links":{"self":[{"href":"https:\/\/www.effjott.de\/index.php?rest_route=\/wp\/v2\/pages\/1537","targetHints":{"allow":["GET"]}}],"collection":[{"href":"https:\/\/www.effjott.de\/index.php?rest_route=\/wp\/v2\/pages"}],"about":[{"href":"https:\/\/www.effjott.de\/index.php?rest_route=\/wp\/v2\/types\/page"}],"author":[{"embeddable":true,"href":"https:\/\/www.effjott.de\/index.php?rest_route=\/wp\/v2\/users\/1"}],"replies":[{"embeddable":true,"href":"https:\/\/www.effjott.de\/index.php?rest_route=%2Fwp%2Fv2%2Fcomments&post=1537"}],"version-history":[{"count":37,"href":"https:\/\/www.effjott.de\/index.php?rest_route=\/wp\/v2\/pages\/1537\/revisions"}],"predecessor-version":[{"id":1634,"href":"https:\/\/www.effjott.de\/index.php?rest_route=\/wp\/v2\/pages\/1537\/revisions\/1634"}],"wp:attachment":[{"href":"https:\/\/www.effjott.de\/index.php?rest_route=%2Fwp%2Fv2%2Fmedia&parent=1537"}],"curies":[{"name":"wp","href":"https:\/\/api.w.org\/{rel}","templated":true}]}}